{"id":15804,"date":"2025-06-26T08:35:10","date_gmt":"2025-06-26T06:35:10","guid":{"rendered":"https:\/\/www.circularsecondhand.org\/?post_type=product&#038;p=15804"},"modified":"2025-06-26T08:35:10","modified_gmt":"2025-06-26T06:35:10","slug":"bolsa-hoja","status":"publish","type":"product","link":"https:\/\/www.circularsecondhand.org\/es\/bolsa-hoja\/","title":{"rendered":"Bolsa Hoja"},"content":{"rendered":"","protected":false},"excerpt":{"rendered":"<p>Descubre el bolso Furla marr\u00f3n oscuro, una prenda de est\u00e9tica Y2K que no puede faltar en tu colecci\u00f3n. Con unas medidas perfectas de 16x35x11 cm, esta bolsa de cuero combina estilo y funcionalidad, gracias a sus c\u00f3modas asas que facilitan su transporte. En perfecto estado es ideal para cualquier ocasi\u00f3n, ya sea un d\u00eda de trabajo o una salida casual.  <\/p>\n","protected":false},"featured_media":15750,"comment_status":"closed","ping_status":"closed","template":"","meta":{"_kad_blocks_custom_css":"","_kad_blocks_head_custom_js":"","_kad_blocks_body_custom_js":"","_kad_blocks_footer_custom_js":"","_kad_post_transparent":"","_kad_post_title":"","_kad_post_layout":"","_kad_post_sidebar_id":"","_kad_post_content_style":"","_kad_post_vertical_padding":"","_kad_post_feature":"","_kad_post_feature_position":"","_kad_post_header":false,"_kad_post_footer":false,"_kad_post_classname":""},"product_brand":[],"product_cat":[803],"product_tag":[1086,582],"product_brands":[],"class_list":{"0":"post-15804","1":"product","2":"type-product","3":"status-publish","4":"has-post-thumbnail","6":"product_cat-bolsos-es","7":"product_tag-marcas","8":"product_tag-primavera-verano","10":"first","11":"outofstock","12":"sold-individually","13":"taxable","14":"shipping-taxable","15":"purchasable","16":"product-type-simple","17":"entry","18":"content-bg","19":"loop-entry"},"taxonomy_info":{"product_cat":[{"value":803,"label":"Bolsos"}],"product_tag":[{"value":1086,"label":"Marcas"},{"value":582,"label":"Primavera\/Verano"}]},"featured_image_src_large":["https:\/\/www.circularsecondhand.org\/wp-content\/uploads\/2025\/06\/996-768x1024.jpg",768,1024,true],"author_info":[],"comment_info":0,"_links":{"self":[{"href":"https:\/\/www.circularsecondhand.org\/es\/wp-json\/wp\/v2\/product\/15804","targetHints":{"allow":["GET"]}}],"collection":[{"href":"https:\/\/www.circularsecondhand.org\/es\/wp-json\/wp\/v2\/product"}],"about":[{"href":"https:\/\/www.circularsecondhand.org\/es\/wp-json\/wp\/v2\/types\/product"}],"replies":[{"embeddable":true,"href":"https:\/\/www.circularsecondhand.org\/es\/wp-json\/wp\/v2\/comments?post=15804"}],"wp:featuredmedia":[{"embeddable":true,"href":"https:\/\/www.circularsecondhand.org\/es\/wp-json\/wp\/v2\/media\/15750"}],"wp:attachment":[{"href":"https:\/\/www.circularsecondhand.org\/es\/wp-json\/wp\/v2\/media?parent=15804"}],"wp:term":[{"taxonomy":"product_brand","embeddable":true,"href":"https:\/\/www.circularsecondhand.org\/es\/wp-json\/wp\/v2\/product_brand?post=15804"},{"taxonomy":"product_cat","embeddable":true,"href":"https:\/\/www.circularsecondhand.org\/es\/wp-json\/wp\/v2\/product_cat?post=15804"},{"taxonomy":"product_tag","embeddable":true,"href":"https:\/\/www.circularsecondhand.org\/es\/wp-json\/wp\/v2\/product_tag?post=15804"},{"taxonomy":"product_brands","embeddable":true,"href":"https:\/\/www.circularsecondhand.org\/es\/wp-json\/wp\/v2\/product_brands?post=15804"}],"curies":[{"name":"wp","href":"https:\/\/api.w.org\/{rel}","templated":true}]}}