{"id":15082,"date":"2025-05-22T08:34:04","date_gmt":"2025-05-22T06:34:04","guid":{"rendered":"https:\/\/www.circularsecondhand.org\/polo-massimo-dutti\/"},"modified":"2025-05-22T08:34:04","modified_gmt":"2025-05-22T06:34:04","slug":"polo-massimo-dutti","status":"publish","type":"product","link":"https:\/\/www.circularsecondhand.org\/es\/polo-massimo-dutti\/","title":{"rendered":"Polo Massimo Dutti"},"content":{"rendered":"","protected":false},"excerpt":{"rendered":"<p>Descubre la elegancia casual con este polo de Massimo Dutti en un sofisticado tono gris. Su dise\u00f1o con micro rayas no s\u00f3lo le otorga una textura \u00fanica, sino que tambi\u00e9n asegura un c\u00f3modo ajuste gracias a su estilo Casual Fit. Confeccionada en suave algod\u00f3n, es la elecci\u00f3n perfecta para los d\u00edas de verano. Adem\u00e1s, incluye un bot\u00f3n de repuesto, garantizando que siempre luzcas impecable.   <\/p>\n","protected":false},"featured_media":15087,"comment_status":"closed","ping_status":"open","template":"","meta":{"_kad_blocks_custom_css":"","_kad_blocks_head_custom_js":"","_kad_blocks_body_custom_js":"","_kad_blocks_footer_custom_js":"","_kad_post_transparent":"","_kad_post_title":"","_kad_post_layout":"","_kad_post_sidebar_id":"","_kad_post_content_style":"","_kad_post_vertical_padding":"","_kad_post_feature":"","_kad_post_feature_position":"","_kad_post_header":false,"_kad_post_footer":false,"_kad_post_classname":""},"product_brand":[],"product_cat":[361],"product_tag":[1086,582],"product_brands":[502],"class_list":{"0":"post-15082","1":"product","2":"type-product","3":"status-publish","4":"has-post-thumbnail","6":"product_cat-camisetas-tallaje-masculino","7":"product_tag-marcas","8":"product_tag-primavera-verano","9":"product_brands-massimo-dutti-es","11":"first","12":"instock","13":"sold-individually","14":"taxable","15":"shipping-taxable","16":"purchasable","17":"product-type-simple","18":"entry","19":"content-bg","20":"loop-entry"},"taxonomy_info":{"product_cat":[{"value":361,"label":"Camisetas"}],"product_tag":[{"value":1086,"label":"Marcas"},{"value":582,"label":"Primavera\/Verano"}],"product_brands":[{"value":502,"label":"Massimo Dutti"}]},"featured_image_src_large":["https:\/\/www.circularsecondhand.org\/wp-content\/uploads\/2025\/05\/922-768x1024.jpg",768,1024,true],"author_info":[],"comment_info":0,"_links":{"self":[{"href":"https:\/\/www.circularsecondhand.org\/es\/wp-json\/wp\/v2\/product\/15082","targetHints":{"allow":["GET"]}}],"collection":[{"href":"https:\/\/www.circularsecondhand.org\/es\/wp-json\/wp\/v2\/product"}],"about":[{"href":"https:\/\/www.circularsecondhand.org\/es\/wp-json\/wp\/v2\/types\/product"}],"replies":[{"embeddable":true,"href":"https:\/\/www.circularsecondhand.org\/es\/wp-json\/wp\/v2\/comments?post=15082"}],"wp:featuredmedia":[{"embeddable":true,"href":"https:\/\/www.circularsecondhand.org\/es\/wp-json\/wp\/v2\/media\/15087"}],"wp:attachment":[{"href":"https:\/\/www.circularsecondhand.org\/es\/wp-json\/wp\/v2\/media?parent=15082"}],"wp:term":[{"taxonomy":"product_brand","embeddable":true,"href":"https:\/\/www.circularsecondhand.org\/es\/wp-json\/wp\/v2\/product_brand?post=15082"},{"taxonomy":"product_cat","embeddable":true,"href":"https:\/\/www.circularsecondhand.org\/es\/wp-json\/wp\/v2\/product_cat?post=15082"},{"taxonomy":"product_tag","embeddable":true,"href":"https:\/\/www.circularsecondhand.org\/es\/wp-json\/wp\/v2\/product_tag?post=15082"},{"taxonomy":"product_brands","embeddable":true,"href":"https:\/\/www.circularsecondhand.org\/es\/wp-json\/wp\/v2\/product_brands?post=15082"}],"curies":[{"name":"wp","href":"https:\/\/api.w.org\/{rel}","templated":true}]}}