{"id":14480,"date":"2025-04-24T09:07:11","date_gmt":"2025-04-24T07:07:11","guid":{"rendered":"https:\/\/www.circularsecondhand.org\/gabardina-aldetiques\/"},"modified":"2025-04-24T09:07:11","modified_gmt":"2025-04-24T07:07:11","slug":"gabardina-aldetiques","status":"publish","type":"product","link":"https:\/\/www.circularsecondhand.org\/es\/gabardina-aldetiques\/","title":{"rendered":"Gabardina Aldetiques"},"content":{"rendered":"","protected":false},"excerpt":{"rendered":"<p>Descubre la elegancia atemporal de nuestro trench coat oversize, dise\u00f1ado con un toque vintage que resalta su car\u00e1cter \u00fanico. Con un tejido de algod\u00f3n que presenta marcas del paso del tiempo, este abrigo no s\u00f3lo es una declaraci\u00f3n de estilo, sino que tambi\u00e9n ofrece comodidad y calidez gracias a su interior forrado. Los detalles de botones y el cintur\u00f3n a\u00f1aden un toque sofisticado, mientras que los hombros ca\u00eddos garantizan un ajuste relajado y moderno.  <\/p>\n","protected":false},"featured_media":14481,"comment_status":"closed","ping_status":"open","template":"","meta":{"_kad_blocks_custom_css":"","_kad_blocks_head_custom_js":"","_kad_blocks_body_custom_js":"","_kad_blocks_footer_custom_js":"","_kad_post_transparent":"","_kad_post_title":"","_kad_post_layout":"","_kad_post_sidebar_id":"","_kad_post_content_style":"","_kad_post_vertical_padding":"","_kad_post_feature":"","_kad_post_feature_position":"","_kad_post_header":false,"_kad_post_footer":false,"_kad_post_classname":""},"product_brand":[],"product_cat":[389],"product_tag":[582,1087],"product_brands":[],"class_list":{"0":"post-14480","1":"product","2":"type-product","3":"status-publish","4":"has-post-thumbnail","6":"product_cat-cazadoras-y-chaquetas-tallaje-masculino","7":"product_tag-primavera-verano","8":"product_tag-sin-genero","10":"first","11":"instock","12":"sold-individually","13":"taxable","14":"shipping-taxable","15":"purchasable","16":"product-type-simple","17":"entry","18":"content-bg","19":"loop-entry"},"taxonomy_info":{"product_cat":[{"value":389,"label":"Cazadoras y Chaquetas"}],"product_tag":[{"value":582,"label":"Primavera\/Verano"},{"value":1087,"label":"Sin G\u00e9nero"}]},"featured_image_src_large":["https:\/\/www.circularsecondhand.org\/wp-content\/uploads\/2025\/04\/887-1-768x1024.jpg",768,1024,true],"author_info":[],"comment_info":0,"_links":{"self":[{"href":"https:\/\/www.circularsecondhand.org\/es\/wp-json\/wp\/v2\/product\/14480","targetHints":{"allow":["GET"]}}],"collection":[{"href":"https:\/\/www.circularsecondhand.org\/es\/wp-json\/wp\/v2\/product"}],"about":[{"href":"https:\/\/www.circularsecondhand.org\/es\/wp-json\/wp\/v2\/types\/product"}],"replies":[{"embeddable":true,"href":"https:\/\/www.circularsecondhand.org\/es\/wp-json\/wp\/v2\/comments?post=14480"}],"wp:featuredmedia":[{"embeddable":true,"href":"https:\/\/www.circularsecondhand.org\/es\/wp-json\/wp\/v2\/media\/14481"}],"wp:attachment":[{"href":"https:\/\/www.circularsecondhand.org\/es\/wp-json\/wp\/v2\/media?parent=14480"}],"wp:term":[{"taxonomy":"product_brand","embeddable":true,"href":"https:\/\/www.circularsecondhand.org\/es\/wp-json\/wp\/v2\/product_brand?post=14480"},{"taxonomy":"product_cat","embeddable":true,"href":"https:\/\/www.circularsecondhand.org\/es\/wp-json\/wp\/v2\/product_cat?post=14480"},{"taxonomy":"product_tag","embeddable":true,"href":"https:\/\/www.circularsecondhand.org\/es\/wp-json\/wp\/v2\/product_tag?post=14480"},{"taxonomy":"product_brands","embeddable":true,"href":"https:\/\/www.circularsecondhand.org\/es\/wp-json\/wp\/v2\/product_brands?post=14480"}],"curies":[{"name":"wp","href":"https:\/\/api.w.org\/{rel}","templated":true}]}}